{"id":247,"date":"2021-02-09T07:38:01","date_gmt":"2021-02-09T07:38:01","guid":{"rendered":"https:\/\/monornt.reformatus.hu\/wordpress\/?page_id=247"},"modified":"2022-01-24T11:22:07","modified_gmt":"2022-01-24T11:22:07","slug":"misszio","status":"publish","type":"page","link":"https:\/\/monornt.reformatus.hu\/index.php\/misszio\/","title":{"rendered":"Misszi\u00f3"},"content":{"rendered":"\n<h2 class=\"wp-block-heading\"><strong><u>Bevezet\u00e9s<\/u><\/strong><\/h2>\n\n\n\n<p>&nbsp;&nbsp;&nbsp; Gy\u00fclekezet\u00fcnk k\u00fcldet\u00e9se els\u0151sorban a Luk\u00e1cs 19,10 \u00e9rtelm\u00e9ben a l\u00e9lekment\u00e9s szolg\u00e1lata, mely azonban nem \u00e1llhat meg a megt\u00e9r\u00e9ssel, hanem a szolgat\u00e1rsak k\u00f6z\u00f6ss\u00e9g\u00e9v\u00e9 kell v\u00e1lnunk. Egyet\u00e9rt\u00fcnk Rick Warren: C\u00e9ltudatos gy\u00fclekezet c. munk\u00e1j\u00e1ban megfogalmazottakkal:<\/p>\n\n\n\n<p><strong>&#8222;A gy\u00fclekezet eg\u00e9szs\u00e9g\u00e9t nem azon lehet lem\u00e9rni, h\u00e1ny embert tud le\u00fcltetni, hanem azon h\u00e1nyat tud szolg\u00e1latba \u00e1ll\u00edtani.&#8221;<\/strong><\/p>\n\n\n\n<p>A r\u00e1nkb\u00edzottak koncentrikus k\u00f6r\u00f6kben gondolkodva \u00f6t r\u00e9tegb\u0151l \u00e1llnak (k\u00edv\u00fclr\u0151l befel\u00e9):<\/p>\n\n\n\n<ol class=\"wp-block-list\"><li>A v\u00e1ros, ahol \u00e9l\u00fcnk<\/li><li>Azok, akik adminisztrat\u00edve hozz\u00e1nk tartoznak \u2013 a reform\u00e1tusok<\/li><li>Akiknek volt J\u00e9zus Krisztus mellet szem\u00e9lyes d\u00f6nt\u00e9s az \u00e9let\u00fckben<\/li><li>Akik lelkileg n\u00f6vekednek<\/li><li>Akiknek van szolg\u00e1latuk Isten orsz\u00e1g\u00e1ban<\/li><\/ol>\n\n\n\n<p>&nbsp;&nbsp; Feladatunk a k\u00fcl\u00f6nb\u00f6z\u0151 r\u00e9tegekb\u0151l beljebb seg\u00edteni. Az evang\u00e9liz\u00e1ci\u00f3 (istentiszteleteken, szem\u00e9lyesen, \u0151szi sorozatban), a tan\u00edtv\u00e1nyoz\u00e1s (febru\u00e1ri presbiteri sorozatban, munkat\u00e1rsk\u00e9pz\u0151ben, istentisztelet ut\u00e1n t\u00f6rt\u00e9n\u0151 el\u0151ad\u00e1sokban) szolg\u00e1lat\u00e1val.<\/p>\n\n\n\n<p>&nbsp;&nbsp; A szem\u00e9lyes megsz\u00f3l\u00edt\u00e1s n\u00e9lk\u00fcl\u00f6zhetetlen, \u00edgy k\u00fcl\u00f6n\u00f6s hangs\u00falyt kap a jegyes-, keresztel\u0151-, lelkigondoz\u00f3i besz\u00e9lget\u00e9sek, kiscsoportos alkalmak rendszere.<\/p>\n\n\n\n<p>&nbsp;&nbsp; Sokakr\u00f3l nem tudunk. A m\u00f6g\u00f6tt\u00fcnk lev\u0151 \u00e9vben egy h\u00e9t alatt 6000 csal\u00e1dhoz cs\u00f6ngett\u00fcnk be evang\u00e9liumi trakt\u00e1tust \u00e9s az evang\u00e9liz\u00e1ci\u00f3 megh\u00edv\u00f3j\u00e1t \u00e1tadva. Meger\u0151s\u00f6dt\u00fcnk az ilyen szolg\u00e1latok sz\u00fcks\u00e9gess\u00e9g\u00e9ben is. Legal\u00e1bb 2 \u00e9vente elengedhetetlen a v\u00e1ros k\u00f6rbej\u00e1r\u00e1sa, melyben nagyon j\u00f3 tapasztalatunk van.<\/p>\n\n\n\n<p>&nbsp;&nbsp; Meg kell v\u00e1ltoznunk az egyoldal\u00fa kommunik\u00e1ci\u00f3ban:&nbsp;<em>A legt\u00f6bb ember csak azut\u00e1n k\u00e9pes meghallani valamit, ha el\u0151bb meghallgatt\u00e1k \u0151t. Az emberek nem t\u00f6r\u0151dnek azzal, mennyit tudunk, am\u00edg nem tudj\u00e1k, mennyire t\u00f6r\u0151d\u00fcnk vel\u00fck.<\/em><\/p>\n\n\n\n<p>&nbsp;&nbsp; Szeretn\u00e9nk olyan k\u00f6z\u00f6ss\u00e9g lenni, ahol felismerj\u00fck az akad\u00e1lyokat, melyek g\u00e1tk\u00e9nt magasodtak Isten lelk\u00e9nek munk\u00e1ja el\u00e9, ahol \u00fagy \u00e9l\u00fcnk \u00e9s szolg\u00e1lunk, melyen Isten \u00e1ld\u00e1sa van.<\/p>\n\n\n\n<p><strong><u>V\u00e1zlatos helyzet\u00e9rt\u00e9kel\u00e9s:<\/u><\/strong><\/p>\n\n\n\n<ul class=\"wp-block-list\"><li>Telep\u00fcl\u00e9s\u00fcnk v\u00e1ros, de m\u00e9gis falusi szerkezet\u0171.<\/li><li>Az emberek jelent\u0151s r\u00e9sze az agglomer\u00e1ci\u00f3 miatt csak aludni j\u00e1r haza.<\/li><li>A Gy\u00fclekezetben ott vannak az \u00f3vod\u00e1sok \u00e9s az \u00e9let\u00fck utols\u00f3 napjaiban j\u00e1r\u00f3k egyar\u00e1nt.<\/li><li>\u00c9vek \u00f3ta hitben j\u00e1r\u00f3k \u00e9s az ateizmusb\u00f3l j\u00f6v\u0151k.<\/li><li>Vannak, akik egy \u00e9vben egyszer, m\u00e1sok hetente t\u00f6bbsz\u00f6r is megfordulnak k\u00f6z\u00f6tt\u00fcnk.<\/li><li>Olyanok, akiknek az evang\u00e9lium teljesen ismeretlen \u00e9s sz\u00fcks\u00e9g\u00fck van minden \u00faj fogalom megismertet\u00e9s\u00e9re.<\/li><li>Sokan elfeledt\u00e9k m\u00e1r azt is, amit a konfirm\u00e1ci\u00f3kor tanultak.<\/li><li>Jelent\u0151s azoknak a sz\u00e1ma, akik a v\u00e1rosi ember cinikus bizalmatlans\u00e1g\u00e1val, de szem\u00e9lyes kapcsolatokban gondolkodik. Ig\u00e9nylik a szem\u00e9lyess\u00e9get.<\/li><li>Nagyon er\u0151s az individualizmus. A csal\u00e1di k\u00f6tel\u00e9kek \u00e9s a hagyom\u00e1nyokhoz val\u00f3 ragaszkod\u00e1s hi\u00e1nya jellemz\u0151. A vil\u00e1gb\u00f3l \u00e9rkez\u0151knek ez seg\u00edt a megt\u00e9r\u00e9sben, a nagyobb v\u00e1ltoztat\u00e1sra. Ugyanakkor a gy\u00fclekezeten bel\u00fcl l\u00e9v\u0151k \u00e9let\u00e9ben nehezebb\u00e9 teszi a n\u00f6veked\u00e9st, a m\u00e1sik\u00e9rt val\u00f3 felel\u0151ss\u00e9gv\u00e1llal\u00e1st.<\/li><li>V\u00e1llalkoz\u00f3k \u00e9s alkalmazottak, k\u00e9tkezi munk\u00e1sok, orvosok \u00e9s jog\u00e1szok egyar\u00e1nt megtal\u00e1lhat\u00f3ak k\u00f6z\u00f6tt\u00fcnk.<\/li><li>Budapest k\u00f6zels\u00e9ge \u00e9s a v\u00e1ros adotts\u00e1gai miatt is sokszoros a v\u00e1laszt\u00e1si lehet\u0151s\u00e9g. (Ha nem \u00e9rzi otthon mag\u00e1t, nem j\u00f6n t\u00f6bbet).<\/li><li>Az emberek rendk\u00edv\u00fcl elfoglaltak, ez\u00e9rt sz\u00fcks\u00e9g\u00fck van r\u00e1, hogy t\u00f6bbf\u00e9le alkalmat \u2013 id\u0151ben \u00e9s tematik\u00e1ban is- k\u00edn\u00e1ljunk nekik, amit be tudnak iktatni s\u0171r\u0171 programjukba.<\/li><li>Jellemz\u0151 egyre t\u00f6bbekre a posztmodern gy\u00f6k\u00e9rtelens\u00e9g.<\/li><li>Nincsenek n\u00e9pszer\u0171, domin\u00e1ns, ir\u00e1nyad\u00f3 ideol\u00f3gi\u00e1k. Sokkal nagyobb az \u00e9rdekl\u0151d\u00e9s a lelki megtapasztal\u00e1sok ir\u00e1nt \u00e9s mindenf\u00e9le vall\u00e1s ir\u00e1nt. Ez a helyzet a neh\u00e9zs\u00e9g\u00e9ben is \u00f3ri\u00e1si lehet\u0151s\u00e9geket rejt. A hitetlens\u00e9g helyett a hisz\u00e9kenys\u00e9g a meghat\u00e1roz\u00f3.<\/li><li>Nincs tan\u00edt\u00e1s a h\u00e1zass\u00e1gr\u00f3l, a gyermeknevel\u00e9sr\u0151l.<\/li><li>Sokan vagyunk egy\u00fctt vas\u00e1rnaponk\u00e9nt, de m\u00e9g keveseknek van k\u00f6z\u00f6ss\u00e9gi tapasztalatuk.<\/li><li>Nem ismerj\u00fck egym\u00e1st \u2013 nem tudunk seg\u00edteni, er\u0151s\u00edteni, vagy \u00e9ppen figyelmeztetni<\/li><\/ul>\n\n\n\n<p>&nbsp;A gy\u00fclekezeti alkalmak rendszer\u00e9t a helyzet\u00fcnkh\u00f6z igaz\u00edtottuk. Ami nem ment, azt elhagytuk, amire nyitotts\u00e1g volt, azt igyekezt\u00fcnk beind\u00edtani.<\/p>\n\n\n\n<p class=\"has-medium-font-size\">\u201eMagad kell, hogy l\u00e1ngolj a hitben, ha m\u00e1sokat akarsz meggy\u00fajtani\u201d<\/p>\n\n\n\n<p>\/Augusztinusz\/<\/p>\n\n\n\n<p>A misszi\u00f3 nem csup\u00e1n a lelkip\u00e1sztorok feladata, hanem gy\u00fclekezet k\u00fcldet\u00e9se. Tartsuk sz\u00e1mon a munkat\u00e1rsakat.&nbsp;&nbsp;Meg kellene tan\u00edtani az egyh\u00e1ztagokat bibliaismereti alapfogalmainkra. Sok mindent nem tudunk elv\u00e9gezni.<\/p>\n\n\n\n<p>A vil\u00e1gban kereszty\u00e9n \u00e9bred\u00e9s van, ez b\u00e1tor\u00edtson minket. A feladatok nagyja a mi\u00e9nk, de a neheze Isten\u00e9. Rendk\u00edv\u00fcli nagy lehet\u0151s\u00e9g\u00fcnk, hogy nem nek\u00fcnk kell er\u0151lk\u00f6dn\u00fcnk, \u00e9leteket megv\u00e1ltoztatnunk, hanem az \u00dar v\u00e9gzi ezt el. Tudhatjuk, \u00e9s ebben meger\u0151s\u00f6dhet\u00fcnk Istennek semmi sem lehetetlen. Merj\u00fcnk t\u00fall\u00e1tni gy\u00fclekezeti adotts\u00e1gainkon, alkalmass\u00e1gi k\u00e9pess\u00e9geinken.<\/p>\n\n\n\n<p><strong><u>ALKALMAINK<\/u><\/strong><\/p>\n\n\n\n<p><strong><u>A VAS\u00c1RNAP DE. 10 \u00d3RAI ISTENTISZTELET<\/u><\/strong><\/p>\n\n\n\n<p>\u00c9vente 6 alkalommal 11 \u00f3r\u00e1t\u00f3l bibliaismereti el\u0151ad\u00e1sok.<\/p>\n\n\n\n<p><em>A gy\u00fclekezet eg\u00e9sz\u00e9t egybekapcsol\u00f3 alkalom. &#8211; A csal\u00e1dok egy\u00fctt \u00e9rkezhetnek, a legkisebbekt\u0151l n\u00e9gy \u00e9ves korig beadhatj\u00e1k gyermekeiket a gyermekmeg\u0151rz\u0151 szolg\u00e1lathoz. Itt anyuk\u00e1k, nagymam\u00e1k, gyermekgondoz\u00f3k, fiatalok 2-3 f\u00f5s csapata vigy\u00e1z a kicsinyekre, j\u00e1tszik vel\u00fck, am\u00edg a feln\u0151ttek a templomban vannak.<\/em><\/p>\n\n\n\n<p><em>H\u00e1rom korcsoportnak tartunk gyermekistentiszteletet ugyanebben az id\u0151pontban: \u00f3vod\u00e1sok, I &#8211; IV.,V -VIII. oszt\u00e1lyosok csoportjainak.<\/em><\/p>\n\n\n\n<p><em>Arra \u00f6szt\u00f6n\u00f6zz\u00fck gy\u00fclekezeti tagjainkat, hogy a k\u00f6zponti istentiszteleten k\u00edv\u00fcl is keressen mindenki egy gy\u00fclekezeti csoportot, ahol otthon \u00e9rzi mag\u00e1t.<\/em><\/p>\n\n\n\n<p><strong>Jelenleg a k\u00f6vetkez\u0151 csoportok vannak gy\u00fclekezet\u00fcnkben:<\/strong><\/p>\n\n\n\n<p><strong>GYERMEKEK R\u00c9SZ\u00c9RE:<\/strong><\/p>\n\n\n\n<p>&#8211; H\u00e9tk\u00f6zi hittancsoportok<br>&#8211; \u00d3vod\u00e1s kort\u00f3l minden iskolai \u00e9vfolyamnak.<\/p>\n\n\n\n<p>A ter\u00fclet\u00fcnk\u00f6n l\u00e9v\u0151 iskol\u00e1kban \u00e9s \u00f3vod\u00e1ban is v\u00e9gz\u00fcnk hittanoktat\u00e1st.<br><em>Konfirm\u00e1ci\u00f3i csoportok<\/em><br>&#8211; Kis k\u00e1t\u00e9\u00f3ra:&nbsp;&nbsp;kedden 15.30 \u00f3rakor<br>&#8211; Nagy k\u00e1t\u00e9\u00f3ra: szerd\u00e1n 16.00 \u00f3rakor<\/p>\n\n\n\n<p><strong>FIATALOK R\u00c9SZ\u00c9RE:<\/strong><\/p>\n\n\n\n<p>Kisifi&nbsp;&nbsp;&nbsp;&nbsp;&nbsp;&nbsp;&nbsp;(14 \u2013 15 \u00e9vesek)&nbsp;&nbsp;&nbsp;&nbsp;&nbsp;P\u00e9ntek 18:00 \u00f3rakor<\/p>\n\n\n\n<p>Nagyifi (16 \u2013 18 \u00e9vesek)&nbsp;&nbsp;&nbsp; &nbsp;&nbsp; P\u00e9ntek 18.00 \u00f3rakor<\/p>\n\n\n\n<p>Cserk\u00e9szet&nbsp;&nbsp;&nbsp;&nbsp;&nbsp;&nbsp;&nbsp;&nbsp;&nbsp;&nbsp;&nbsp;&nbsp;&nbsp;&nbsp;&nbsp;&nbsp;&nbsp;&nbsp;&nbsp;&nbsp;&nbsp;&nbsp;&nbsp;&nbsp;&nbsp;&nbsp;&nbsp;Szombaton 13.00 \u00f3rakor<\/p>\n\n\n\n<p><strong>FELN\u0150TTEK SZ\u00c1M\u00c1RA:<\/strong><\/p>\n\n\n\n<p><em>Baba-mama k\u00f6r<\/em><br>H\u00e1zass\u00e1gban \u00e9l\u0151 fiatalasszonyok, fiatal \u00e9desany\u00e1k, kismam\u00e1k k\u00f6re. Minden p\u00e1ros h\u00e9ten kedden d\u00e9lel\u0151tt&nbsp;<strong>f\u00e9l 10-<\/strong>t\u0151l.<\/p>\n\n\n\n<p><em>Cs\u00fct\u00f6rt\u00f6ki \u00f3ra&nbsp;<\/em>&nbsp;&nbsp;&nbsp;&nbsp;&nbsp;&nbsp;<br>Besz\u00e9lget\u0151s alkalmak Isten terv\u00e9r\u0151l, a kereszty\u00e9n \u00e9letr\u0151l. Minden cs\u00fct\u00f6rt\u00f6k\u00f6n&nbsp;<strong>18.00<\/strong>&nbsp;\u00f3rakor<\/p>\n\n\n\n<p><em>Gy\u00fclekezeti biblia\u00f3ra:<\/em><br>Szerda&nbsp;<strong>18&nbsp;<\/strong>\u00f3rakor&nbsp;<\/p>\n\n\n\n<p><strong>CSENDESHETEK<\/strong><\/p>\n\n\n\n<p>Gy\u00fclekezeti hetek:&nbsp;&nbsp;&nbsp;Ny\u00e1ron gyermekek, ifjak, cserk\u00e9szek, fiatal csal\u00e1dok, feln\u0151ttek,id\u0151sek sz\u00e1m\u00e1ra.<\/p>\n\n\n\n<h2 class=\"wp-block-heading\"><strong>AZ ALKALMAK R\u00d6VID LE\u00cdR\u00c1SAI<\/strong><\/h2>\n\n\n\n<p><strong>LELKIGONDOZ\u00d3I SZOLG\u00c1LAT<\/strong>Lehet k\u00e9rni lelkigondoz\u00f3i besz\u00e9lget\u00e9st a lelkip\u00e1sztorokt\u00f3l, hitbeli, szerm\u00e9lyes,<\/p>\n\n\n\n<p>csal\u00e1di \u00e9s egy\u00e9b k\u00e9rd\u00e9sek megbesz\u00e9l\u00e9s\u00e9re &#8211; egyeztetett id\u0151pontban.<\/p>\n\n\n\n<p><strong>K\u00d3RUSPR\u00d3B\u00c1K<\/strong><\/p>\n\n\n\n<p>A gy\u00fclekezet k\u00f3rusa minden szerd\u00e1n\u00a0<strong>18.00<\/strong>\u00a0\u00f3rakor pr\u00f3b\u00e1l a gy\u00fclekezeti teremben<strong>.<\/strong><\/p>\n\n\n\n<p><strong>KERESZTK\u00c9RD\u00c9SEK<\/strong><\/p>\n\n\n\n<p>Febru\u00e1rt\u00f3l szerd\u00e1nk\u00e9nt 6 \u00f3r\u00e1t\u00f3l 10-15 h\u00e9ten kereszt\u00fcl.<\/p>\n\n\n\n<p>Aki a tanfolyam v\u00e9g\u00e9n k\u00e9ri, feln\u0151tt konfirm\u00e1ci\u00f3ban vehet r\u00e9szt, \u00e9s ha addig m\u00e9g nem volt megkeresztelve, a kereszts\u00e9gben is r\u00e9szes\u00fclhet.<\/p>\n\n\n\n<p>M\u00e1rk evang\u00e9liuma alapj\u00e1n<\/p>\n\n\n\n<p><em>1.&nbsp;H\u00c9T: Bevezet\u00e9s&nbsp;&nbsp;&nbsp;&nbsp;&nbsp;&nbsp;&nbsp;&nbsp;&nbsp;&nbsp;&nbsp;&nbsp;&nbsp;&nbsp;&nbsp;&nbsp;&nbsp;&nbsp;&nbsp;&nbsp;&nbsp;&nbsp;&nbsp;6.&nbsp;&nbsp;H\u00c9T: J\u00e9zus \u2013 Felt\u00e1mad\u00e1sa<\/em><\/p>\n\n\n\n<p><em>2.&nbsp;H\u00c9T: J\u00e9zus &#8211; Ki volt \u0150?&nbsp;&nbsp;&nbsp;&nbsp;&nbsp;&nbsp;&nbsp;&nbsp;&nbsp;&nbsp;&nbsp;&nbsp;&nbsp;7.&nbsp;&nbsp;H\u00c9T: Mit jelent kereszty\u00e9nnek lenni?<\/em><\/p>\n\n\n\n<p><em>3.&nbsp;H\u00c9T: J\u00e9zus &#8211; Mi\u00e9rt j\u00f6tt?&nbsp;&nbsp;&nbsp;&nbsp;&nbsp;&nbsp;&nbsp;&nbsp;&nbsp;&nbsp;&nbsp;&nbsp;8.&nbsp;&nbsp;H\u00c9T: Krisztus \u00fatj\u00e1n j\u00e1rni<\/em><\/p>\n\n\n\n<p><em>4.&nbsp;H\u00c9T: J\u00e9zus &#8211; Hal\u00e1la&nbsp;&nbsp;&nbsp;&nbsp;&nbsp;&nbsp;&nbsp;&nbsp;&nbsp;&nbsp;&nbsp;&nbsp;&nbsp;&nbsp;&nbsp;&nbsp;&nbsp;9.&nbsp;&nbsp;H\u00c9T: D\u00f6nt\u00e9sek &#8211; Her\u00f3des kir\u00e1ly<\/em><\/p>\n\n\n\n<p><em>5.\u00a0\u00a0H\u00c9T: Mit jelent a Kegyelem?\u00a0\u00a0\u00a010.H\u00c9T: D\u00f6nt\u00e9sek &#8211; Jakab, J\u00e1nos \u00e9s Bartimeus<\/em><\/p>\n\n\n\n<p><strong>CS\u00dcT\u00d6RT\u00d6KI \u00d3RA<\/strong><\/p>\n\n\n\n<p>A Keresztk\u00e9rd\u00e9sek csoportot v\u00e9gzettek folytat\u00f3d\u00f3 alkalma (mindenki el\u0151tt nyitott alkalom). T\u00e9ma 2022-ben: a Hegyi besz\u00e9d<\/p>\n\n\n\n<p><strong><u>SZERDAI BIBLIA\u00d3RA<\/u><\/strong><\/p>\n\n\n\n<p>A bibliaolvas\u00f3 kalauz napi ig\u00e9inek alapj\u00e1n.<\/p>\n\n\n\n<p><strong><u>K\u00fcldet\u00e9s\u00fcnk a m\u00e9di\u00e1ban<\/u><\/strong><\/p>\n\n\n\n<p>\u00b7&nbsp;&nbsp;&nbsp;&nbsp;&nbsp;&nbsp;&nbsp;&nbsp;&nbsp;&nbsp;Gy\u00fclekezeti \u00fajs\u00e1gunk k\u00e9thavonta jelenik meg A csend szavai c\u00edmmel. \u00c9vente legal\u00e1bb egyszer eljutatjuk szem\u00e9lyesen 1200 otthonba<\/p>\n\n\n\n<p>\u00b7&nbsp;&nbsp;&nbsp;&nbsp;&nbsp;&nbsp;&nbsp;&nbsp;&nbsp;&nbsp;Inteneten:&nbsp;<a href=\"http:\/\/monornt.reformatus.hu\/\/\">www.monornt.reformatus.hu<\/a>&nbsp;oldalon (k\u00e9pek, igehirdet\u00e9sek, aktualit\u00e1sok). Saj\u00e1t gy\u00fclekezeti oldal. Parokia honlapon is ott vagyunk:&nbsp;<a href=\"http:\/\/www.parokia.hu\/\">www.parokia.hu<\/a>&nbsp;(monor-nagytemplom)<\/p>\n\n\n\n<p>\u00b7&nbsp;&nbsp;&nbsp;&nbsp;&nbsp;&nbsp;&nbsp;&nbsp;&nbsp;&nbsp;Istentiszteletek TV-n. A Gemini TV havonta k\u00f6zvet\u00edt istentiszteleteket Gy\u00fclekezet\u00fcnkb\u0151l.<\/p>\n\n\n\n<p>\u00b7&nbsp;&nbsp;&nbsp;&nbsp;&nbsp;&nbsp;&nbsp;&nbsp;&nbsp;&nbsp;Gy\u00fclekezeti t\u00e1j\u00e9koztat\u00f3 leporell\u00f3 \u2013 k\u00fcldet\u00e9s\u00fcnkr\u0151l, alkalmainkr\u00f3l<\/p>\n\n\n\n<p><strong><u>Levelez\u00e9s\u00fcnk<\/u><\/strong><\/p>\n\n\n\n<p>\u00b7&nbsp;&nbsp;&nbsp;&nbsp;&nbsp;&nbsp;&nbsp;&nbsp;&nbsp;&nbsp;Egy \u00e9ves \u00e9vfordul\u00f3n megkeress\u00fck a gy\u00e1szol\u00f3kat. Temet\u00e9si Textussal, vigasztal\u00f3 lev\u00e9llel (Hivatal)<\/p>\n\n\n\n<p><strong><u>Kazu\u00e1li\u00e1k<\/u><\/strong><\/p>\n\n\n\n<p><strong>Gy\u00e1sz\u00f3l\u00f3k<\/strong>kal \u2013 lelkip\u00e1sztor besz\u00e9lget<\/p>\n\n\n\n<p><strong>Keresztel\u0151&nbsp;<\/strong>\u2013 sz\u00fcl\u0151kkel a kereszts\u00e9g bibliai eredet\u00e9r\u0151l, az \u00e9let aj\u00e1nd\u00e9k\u00e1r\u00f3l, a keresztel\u00e9si alkalmon elhangz\u00f3 k\u00e9t k\u00e9rd\u00e9sr\u0151l, gyakorlati dolgokr\u00f3l \u2013 lelkip\u00e1sztor besz\u00e9lget<\/p>\n\n\n\n<p><strong>H\u00e1zass\u00e1g<\/strong>ra k\u00e9sz\u00fcl\u0151kkel 4-5 alkalommal jegyes besz\u00e9lget\u00e9s a h\u00e1zass\u00e1g c\u00e9lj\u00e1r\u00f3l, alapj\u00e1r\u00f3l, \u00e9p\u00fcl\u00e9s\u00e9r\u0151l, szerepekr\u0151l, h\u00e1zass\u00e1gi fogalomt\u00e9telr\u0151l az Ige alapj\u00e1n \u2013 lelkip\u00e1sztori besz\u00e9lget\u00e9sek<\/p>\n\n\n\n<p><strong>Konfirm\u00e1ci\u00f3<\/strong>: A k\u00e9pz\u00e9s k\u00e9t \u00e9ves. Anyag: HK 1. , HK 21. Biblia k\u00f6nyveinek ismerete, T\u00edzparancsolat, Sz\u00e9n\u00e1si S.: Megtal\u00e1ltuk a messi\u00e1st. Konfirm\u00e1ci\u00f3i fogadalomt\u00e9tel a m\u00e1sodik \u00e9v p\u00fcnk\u00f6sdj\u00e9n. \u00cdr\u00e1sbeli vizsga p\u00fcnk\u00f6sd el\u0151tti kedden, sz\u00f3beli p\u00fcnk\u00f6sd szombatj\u00e1n, fogadalomt\u00e9tel \u00e9s els\u0151 \u00farvacsora p\u00fcnk\u00f6sd vas\u00e1rnap.<\/p>\n\n\n\n<p>Feln\u0151tt konfirm\u00e1ci\u00f3 keresztk\u00e9rd\u00e9sek sorozat v\u00e9g\u00e9n.<\/p>\n\n\n\n<p><strong><u>Gy\u00fclekezeti diak\u00f3nia<\/u><\/strong><\/p>\n\n\n\n<p>Kismam\u00e1knak 6-8 h\u00e9tig eb\u00e9det f\u0151znek a gy\u00fclekezet fiatalasszonyai<\/p>\n\n\n\n<p>R\u00e1szorultaknak \u00e9lelmiszercsomagit adunk kar\u00e1csony el\u0151tt<\/p>\n\n\n\n<p>T\u00e1mogatjuk k\u00e1rp\u00e1taljai gyermekek kar\u00e1csony\u00e1t<\/p>\n\n\n\n<p>A Cegl\u00e9di Reform\u00e1tus Szeretetotthon<\/p>\n\n\n\n<p>R\u00e1szorultak rendszeres t\u00e1mogat\u00e1sa<\/p>\n\n\n\n<p class=\"has-medium-font-size\"><strong><u>Evang\u00e9liz\u00e1ci\u00f3:<\/u><\/strong><\/p>\n\n\n\n<div class=\"wp-block-group\"><div class=\"wp-block-group__inner-container is-layout-flow wp-block-group-is-layout-flow\">\n<h1 class=\"has-normal-font-size wp-block-heading\">&nbsp;&nbsp; Elengedhetetlen, hogy tartsunk&nbsp;evang\u00e9liz\u00e1ci\u00f3kat. Sokan Az evang\u00e9liz\u00e1ci\u00f3 a d\u00f6nt\u00e9sre h\u00edv\u00e1s alkalma legyen, ne csup\u00e1n heti istentisztelet-sorozat. Ez nem kegyess\u00e9gi ir\u00e1nyzat k\u00e9rd\u00e9se.<\/h1>\n\n\n\n<h1 class=\"has-normal-font-size wp-block-heading\"><strong>&nbsp;&nbsp; J\u00e9zus els\u0151 pr\u00e9dik\u00e1ci\u00f3ja \u00edgy hangzott: T\u00e9rjetek meg\u2026 A b\u0171nr\u0151l \u00e9s a szabad\u00edt\u00e1sr\u00f3l sz\u00f3l\u00f3 \u00fczenet nem ijesztget\u00e9s hanem szeretetb\u0151l fakad\u00f3 k\u00f6teless\u00e9g.<\/strong><\/h1>\n\n\n\n<h1 class=\"has-normal-font-size wp-block-heading\">&nbsp;&nbsp; A gy\u00fclekezeti evang\u00e9liz\u00e1ci\u00f3 mellett fel kell k\u00e9sz\u00fclni kiscsoportos evang\u00e9liz\u00e1ci\u00f3, mint pl a Keresztk\u00e9rd\u00e9sek program \u00e9s az egy\u00e9ni evang\u00e9liz\u00e1ci\u00f3 szolg\u00e1lat\u00e1ra is.<\/h1>\n\n\n\n<h1 class=\"has-normal-font-size wp-block-heading\"><strong><u>A misszi\u00f3i parancsban J\u00e9zus arra ad megb\u00edz\u00e1st, hogy menjetek el.<\/u><\/strong><strong><\/strong><\/h1>\n\n\n\n<h1 class=\"has-normal-font-size wp-block-heading\"><strong>Nem lehet v\u00e9dekez\u0151, befel\u00e9 fordul\u00f3 gy\u00fclekezeti \u00e9letet \u00e9lni. El kell menni. A l\u00e1togat\u00e1sok nagyon sz\u00fcks\u00e9gesek. Legal\u00e1bb \u00f6t \u00e9vente v\u00e9gig kellene j\u00e1rni telep\u00fcl\u00e9seink otthonait. Ha sz\u00fcks\u00e9g van r\u00e1 egy munkat\u00e1rsi csoport seg\u00edts\u00e9g\u00e9vel.<\/strong><\/h1>\n<\/div><\/div>\n","protected":false},"excerpt":{"rendered":"<p>Bevezet\u00e9s &nbsp;&nbsp;&nbsp; Gy\u00fclekezet\u00fcnk k\u00fcldet\u00e9se els\u0151sorban a Luk\u00e1cs 19,10 \u00e9rtelm\u00e9ben a l\u00e9lekment\u00e9s szolg\u00e1lata, mely azonban nem \u00e1llhat meg a megt\u00e9r\u00e9ssel, hanem a szolgat\u00e1rsak k\u00f6z\u00f6ss\u00e9g\u00e9v\u00e9 kell v\u00e1lnunk. Egyet\u00e9rt\u00fcnk Rick Warren: C\u00e9ltudatos gy\u00fclekezet c. munk\u00e1j\u00e1ban megfogalmazottakkal: &#8222;A gy\u00fclekezet eg\u00e9szs\u00e9g\u00e9t nem azon lehet lem\u00e9rni, h\u00e1ny embert tud le\u00fcltetni, hanem azon h\u00e1nyat tud szolg\u00e1latba \u00e1ll\u00edtani.&#8221; A r\u00e1nkb\u00edzottak koncentrikus k\u00f6r\u00f6kben gondolkodva &#8230; <span class=\"more\"><a class=\"more-link\" href=\"https:\/\/monornt.reformatus.hu\/index.php\/misszio\/\">[Read more&#8230;]<\/a><\/span><\/p>\n","protected":false},"author":1,"featured_media":0,"parent":0,"menu_order":0,"comment_status":"closed","ping_status":"closed","template":"","meta":{"_monsterinsights_skip_tracking":false,"_monsterinsights_sitenote_active":false,"_monsterinsights_sitenote_note":"","_monsterinsights_sitenote_category":0,"footnotes":""},"class_list":["entry","page","publish","author-monornt","post-247"],"jetpack_sharing_enabled":true,"_links":{"self":[{"href":"https:\/\/monornt.reformatus.hu\/index.php\/wp-json\/wp\/v2\/pages\/247","targetHints":{"allow":["GET"]}}],"collection":[{"href":"https:\/\/monornt.reformatus.hu\/index.php\/wp-json\/wp\/v2\/pages"}],"about":[{"href":"https:\/\/monornt.reformatus.hu\/index.php\/wp-json\/wp\/v2\/types\/page"}],"author":[{"embeddable":true,"href":"https:\/\/monornt.reformatus.hu\/index.php\/wp-json\/wp\/v2\/users\/1"}],"replies":[{"embeddable":true,"href":"https:\/\/monornt.reformatus.hu\/index.php\/wp-json\/wp\/v2\/comments?post=247"}],"version-history":[{"count":4,"href":"https:\/\/monornt.reformatus.hu\/index.php\/wp-json\/wp\/v2\/pages\/247\/revisions"}],"predecessor-version":[{"id":436,"href":"https:\/\/monornt.reformatus.hu\/index.php\/wp-json\/wp\/v2\/pages\/247\/revisions\/436"}],"wp:attachment":[{"href":"https:\/\/monornt.reformatus.hu\/index.php\/wp-json\/wp\/v2\/media?parent=247"}],"curies":[{"name":"wp","href":"https:\/\/api.w.org\/{rel}","templated":true}]}}